{"id":14722,"date":"2023-10-10T09:54:59","date_gmt":"2023-10-10T09:54:59","guid":{"rendered":"https:\/\/www.niraalpina.com\/summer-home\/"},"modified":"2025-05-06T12:23:34","modified_gmt":"2025-05-06T12:23:34","slug":"summer-home","status":"publish","type":"page","link":"https:\/\/www.niraalpina.com\/fr\/summer-home\/","title":{"rendered":"Summer Homepage"},"content":{"rendered":"<div id=\"pl-14722\"  class=\"panel-layout\" ><div id=\"pg-14722-0\"  class=\"panel-grid panel-has-style\" ><div class=\"c-row--valign-default c-row--widget-default c-row--margin-none c-row--column-default siteorigin-panels-stretch panel-row-style panel-row-style-for-14722-0\" data-stretch-type=\"full-width-stretch\" ><div id=\"pgc-14722-0-0\"  class=\"panel-grid-cell\" ><div id=\"panel-14722-0-0-0\" class=\"so-panel widget widget_cn-core-hero-widget panel-first-child panel-last-child\" data-index=\"0\" ><div\n\t\t\t\n\t\t\tclass=\"so-widget-cn-core-hero-widget so-widget-cn-core-hero-widget-base\"\n\t\t\t\n\t\t><section class=\"c-hero no-variation has-video\">\n    <div class=\"c-hero__inner\">\n        \n        <div class=\"c-hero__content\">\n\n            \n                    <\/div>\n\n        \n    <\/div>\n\n\n                <figure class=\"c-hero__badge c-hero__badge--0\">\n                                        <img decoding=\"async\" data-src=\"https:\/\/hotelcms-production.imgix.net\/niraalpina.com\/wp-content\/uploads\/2022\/04\/estm_booking_bus_cable_railway_asterisk_RGB-1.jpg\" data-crop=\"centre\" src=\"data:image\/gif;base64,R0lGODlhBAADAIAAAAAAAAAAACH5BAEAAAAALAAAAAAEAAMAAAIDhI9WADs=\" class=\"imgix-fluid \/ img-fit\" alt=\"\"  \/><noscript><img decoding=\"async\" src=\"https:\/\/hotelcms-production.imgix.net\/niraalpina.com\/wp-content\/uploads\/2022\/04\/estm_booking_bus_cable_railway_asterisk_RGB-1.jpg\" class=\"img-fit\" alt=\"\"  \/><\/noscript>                                <\/figure>\n            \n            <div class=\"c-hero__video-container\">\n            <video\n                class=\"js-hero-video\"\n                data-plyr-config='{\"controls\":[],\"autoplay\":true,\"muted\":true,\"loop\":{\"active\":true}}'\n                autoplay\n                muted\n                playsinline\n            >\n                <source src=\"https:\/\/cdn1.cinema8.com\/mp4\/12400\/156\/156670\/156670_803_720_0.mp4\" type=\"video\/mp4\">\n            <\/video>\n        <\/div>\n    \n    \n    \n    <\/section>\n<\/div><\/div><\/div><\/div><\/div><div id=\"pg-14722-1\"  class=\"panel-grid panel-has-style\" ><div class=\"c-row--valign-default c-row--widget-spacing c-row--margin-none c-row--column-default siteorigin-panels-stretch has-background c-row--background-cover imgix-fluid crop panel-row-style panel-row-style-for-14722-1\" data-stretch-type=\"full\" data-src=\"https:\/\/hotelcms-production.imgix.net\/niraalpina.com\/wp-content\/uploads\/2017\/11\/texture-bg.png\" data-crop=\"\" ><div id=\"pgc-14722-1-0\"  class=\"panel-grid-cell\" ><div id=\"panel-14722-1-0-0\" class=\"so-panel widget widget_cn-core-cta-widget panel-first-child panel-last-child\" data-index=\"1\" ><div\n\t\t\t\n\t\t\tclass=\"so-widget-cn-core-cta-widget so-widget-cn-core-cta-widget-base\"\n\t\t\t\n\t\t><div class=\"c-cta c-cta--intro no-variation\">\n\n    <div class=\"c-cta__content\">\n\n        <div class=\"c-cta__inner\">\n\n                            <a href=\"https:\/\/be.synxis.com\/?chain=5154&#038;hotel=53708&#038;theme=SBE_Nira_V1&#038;config=SBE_Nira_V1&#038;locale=en-US&#038;adult=2\" class=\"c-cta__anchor\" target=\"_blank\" rel=\"noopener\">\n            \n            \n            \n            \n                <div class=\"c-cta__headings\">\n\n                \n                                    <h2 class=\"c-cta__heading\">\n                        L'\u00e9t\u00e9 \u00e0 Nira Alpina                    <\/h2>\n                \n                \n                <\/div>\n\n            \n            \n                            <\/a>\n            \n                            <div class=\"c-cta__text \/ s-entry\">\n                    <p>Le Nira Alpina \u00e0 Silvaplana, pr\u00e8s de Saint-Moritz, est le point de d\u00e9part id\u00e9al pour vivre des exp\u00e9riences estivales inoubliables dans les Alpes suisses. Notre h\u00f4tel 4 \u00e9toiles sup\u00e9rieur est situ\u00e9 directement \u00e0 c\u00f4t\u00e9 du t\u00e9l\u00e9ph\u00e9rique de Corvatsch, qui vous emm\u00e8ne sans effort vers des sentiers de haute randonn\u00e9e et des pistes de VTT \u00e0 couper le souffle.<\/p>\n                <\/div>\n            \n            \n                            <div class=\"c-cta__buttons\">\n                    <a class=\"c-button button \/ c-cta__button  no-variation\" href=\"https:\/\/be.synxis.com\/?chain=5154&#038;hotel=53708&#038;theme=SBE_Nira_V1&#038;config=SBE_Nira_V1&#038;locale=en-US&#038;adult=2\" target=\"_blank\" rel=\"noopener\">\n    R\u00e9servez votre retraite d'\u00e9t\u00e9.<\/a>\n\n\n                <\/div>\n            \n                    <\/div>\n\n    <\/div>\n\n    \n    \n            <a href=\"https:\/\/be.synxis.com\/?chain=5154&#038;hotel=53708&#038;theme=SBE_Nira_V1&#038;config=SBE_Nira_V1&#038;locale=en-US&#038;adult=2\" class=\"c-cta__detached-anchor\" target=\"_blank\" rel=\"noopener\"><\/a>\n    \n<\/div>\n\n<\/div><\/div><\/div><\/div><\/div><div id=\"pg-14722-2\"  class=\"panel-grid panel-has-style\" ><div class=\"c-row--valign-default c-row--widget-none c-row--margin-none c-row--column-default siteorigin-panels-stretch panel-row-style panel-row-style-for-14722-2\" data-stretch-type=\"full-width-stretch\" ><div id=\"pgc-14722-2-0\"  class=\"panel-grid-cell\" ><div id=\"panel-14722-2-0-0\" class=\"so-panel widget widget_cn-core-cta-widget panel-first-child panel-last-child\" data-index=\"2\" ><div\n\t\t\t\n\t\t\tclass=\"so-widget-cn-core-cta-widget so-widget-cn-core-cta-widget-base\"\n\t\t\t\n\t\t><div class=\"c-cta c-cta--layout-image-right no-variation has-background\">\n\n    <div class=\"c-cta__content\">\n\n        <div class=\"c-cta__inner\">\n\n                            <a href=\"https:\/\/www.niraalpina.com\/fr\/rooms-suites\/\" class=\"c-cta__anchor\">\n            \n            \n            \n            \n                <div class=\"c-cta__headings\">\n\n                \n                                    <h2 class=\"c-cta__heading\">\n                        Chambres &amp; Suites                    <\/h2>\n                \n                \n                <\/div>\n\n            \n            \n                            <\/a>\n            \n                            <div class=\"c-cta__text \/ s-entry\">\n                    <p>La d\u00e9coration int\u00e9rieure contemporaine rencontre le charme des cabanes rustiques, toutes les chambres et suites disposent d'une terrasse ou d'un balcon spacieux ainsi que de fen\u00eatres panoramiques avec vue sur les montagnes de l'Engadine. La g\u00e9n\u00e9rosit\u00e9 est la cl\u00e9, ni pr\u00e9tentieuse ni rustique, mais \u00e9l\u00e9gante en accord avec l'esprit du temps de nos clients.<\/p>\n                <\/div>\n            \n            \n                            <div class=\"c-cta__buttons\">\n                    <a class=\"c-button button \/ c-cta__button  c-button--arrow\" href=\"https:\/\/www.niraalpina.com\/fr\/rooms-suites\/\">\n    Chambres &amp; Suites<\/a>\n\n\n                <\/div>\n            \n                    <\/div>\n\n    <\/div>\n\n    \n            <div data-src=\"https:\/\/hotelcms-production.imgix.net\/niraalpina.com\/wp-content\/uploads\/2020\/09\/Corvatsch-Zimmer-Sommer-2.jpg\" data-crop=\"manual\" class=\"imgix-fluid  crop \/ c-background c-cta__background\" data-focus-horizontal=\"50\" data-focus-vertical=\"50\"><\/div><noscript><div style=\"background-image: url(https:\/\/hotelcms-production.imgix.net\/niraalpina.com\/wp-content\/uploads\/2020\/09\/Corvatsch-Zimmer-Sommer-2.jpg);\" class=\"crop \/ c-background c-cta__background\" ><\/div><\/noscript>    \n            <a href=\"https:\/\/www.niraalpina.com\/fr\/rooms-suites\/\" class=\"c-cta__detached-anchor\"><\/a>\n    \n<\/div>\n\n<\/div><\/div><\/div><\/div><\/div><div id=\"pg-14722-3\"  class=\"panel-grid panel-has-style\" ><div class=\"c-row--valign-default c-row--widget-none c-row--margin-none c-row--column-default siteorigin-panels-stretch panel-row-style panel-row-style-for-14722-3\" data-stretch-type=\"full-width-stretch\" ><div id=\"pgc-14722-3-0\"  class=\"panel-grid-cell\" ><div id=\"panel-14722-3-0-0\" class=\"so-panel widget widget_cn-core-cta-widget panel-first-child panel-last-child\" data-index=\"3\" ><div\n\t\t\t\n\t\t\tclass=\"so-widget-cn-core-cta-widget so-widget-cn-core-cta-widget-base\"\n\t\t\t\n\t\t><div class=\"c-cta c-cta--layout-image-left no-variation has-background\">\n\n    <div class=\"c-cta__content\">\n\n        <div class=\"c-cta__inner\">\n\n                            <a href=\"https:\/\/www.niraalpina.com\/fr\/spa\/\" class=\"c-cta__anchor\">\n            \n            \n            \n            \n                <div class=\"c-cta__headings\">\n\n                \n                                    <h2 class=\"c-cta__heading\">\n                        D\u00e9tendre le corps et l\u2019esprit                    <\/h2>\n                \n                \n                <\/div>\n\n            \n            \n                            <\/a>\n            \n                            <div class=\"c-cta__text \/ s-entry\">\n                    <p>Les offres de bien-\u00eatre du Shanti Spa by Pure Altitude vont au-del\u00e0 de la revitalisation physique et comprennent tous les \u00e9l\u00e9ments d'un mode de vie holistique et sans stress. C\u2019est un lieu de pl\u00e9nitude pour se ressourcer entre les mains exp\u00e9riment\u00e9es et attentionn\u00e9es de nos th\u00e9rapeutes. \"Compl\u00e8tement renouvel\u00e9\" vous trouverez votre paix int\u00e9rieure.<\/p>\n                <\/div>\n            \n            \n                            <div class=\"c-cta__buttons\">\n                    <a class=\"c-button button \/ c-cta__button  c-button--arrow\" href=\"https:\/\/www.niraalpina.com\/fr\/spa\/\">\n    Shanti Spa by Pure Altitude<\/a>\n\n\n                <\/div>\n            \n                    <\/div>\n\n    <\/div>\n\n    \n            <div data-src=\"https:\/\/hotelcms-production.imgix.net\/niraalpina.com\/wp-content\/uploads\/2017\/11\/Nira-Alpina-Pool-couple-CMYK_HR.jpg\" data-crop=\"manual\" class=\"imgix-fluid  crop \/ c-background c-cta__background\" data-focus-horizontal=\"65\" data-focus-vertical=\"45\"><\/div><noscript><div style=\"background-image: url(https:\/\/hotelcms-production.imgix.net\/niraalpina.com\/wp-content\/uploads\/2017\/11\/Nira-Alpina-Pool-couple-CMYK_HR.jpg);\" class=\"crop \/ c-background c-cta__background\" ><\/div><\/noscript>    \n            <a href=\"https:\/\/www.niraalpina.com\/fr\/spa\/\" class=\"c-cta__detached-anchor\"><\/a>\n    \n<\/div>\n\n<\/div><\/div><\/div><\/div><\/div><div id=\"pg-14722-4\"  class=\"panel-grid panel-has-style\" ><div class=\"c-row--valign-default c-row--widget-none c-row--margin-default c-row--column-default siteorigin-panels-stretch panel-row-style panel-row-style-for-14722-4\" data-stretch-type=\"full-width-stretch\" ><div id=\"pgc-14722-4-0\"  class=\"panel-grid-cell\" ><div id=\"panel-14722-4-0-0\" class=\"so-panel widget widget_cn-core-cta-widget panel-first-child panel-last-child\" data-index=\"4\" ><div\n\t\t\t\n\t\t\tclass=\"so-widget-cn-core-cta-widget so-widget-cn-core-cta-widget-base\"\n\t\t\t\n\t\t><div class=\"c-cta c-cta--layout-image-right no-variation has-background\">\n\n    <div class=\"c-cta__content\">\n\n        <div class=\"c-cta__inner\">\n\n                            <a href=\"https:\/\/www.niraalpina.com\/fr\/offers-packages\/\" class=\"c-cta__anchor\">\n            \n            \n            \n            \n                <div class=\"c-cta__headings\">\n\n                \n                                    <h2 class=\"c-cta__heading\">\n                        Quelque chose de sp\u00e9ciale\u2026                    <\/h2>\n                \n                \n                <\/div>\n\n            \n            \n                            <\/a>\n            \n                            <div class=\"c-cta__text \/ s-entry\">\n                    <p>Des vacances d'\u00e9t\u00e9 inoubliables dans les Alpes suisses vous attendent au Nira Alpina. D\u00e9couvrez nos diverses offres estivales, dont la randonn\u00e9e sur des sentiers d'altitude \u00e0 couper le souffle et le VTT sur des pistes exigeantes. Pour les amateurs de sports nautiques, l'Engadine toute proche propose de nombreuses activit\u00e9s sur ses lacs de montagne aux eaux cristallines.<\/p>\n<p>Apr\u00e8s une journ\u00e9e active dans la nature, vous pourrez vous d\u00e9tendre dans notre bienfaisant Shanti Spa by Pure Altitude ou vous offrir un traitement exclusif.<\/p>\n                <\/div>\n            \n            \n                            <div class=\"c-cta__buttons\">\n                    <a class=\"c-button button \/ c-cta__button  c-button--arrow\" href=\"https:\/\/www.niraalpina.com\/fr\/offers-packages\/\">\n    Offres et forfaits<\/a>\n\n\n                <\/div>\n            \n                    <\/div>\n\n    <\/div>\n\n    \n            <div data-src=\"https:\/\/hotelcms-production.imgix.net\/niraalpina.com\/wp-content\/uploads\/2021\/03\/StMoritz_Yoga06_byFilipZuan.jpg\" data-crop=\"\" class=\"imgix-fluid  crop \/ c-background c-cta__background\"><\/div><noscript><div style=\"background-image: url(https:\/\/hotelcms-production.imgix.net\/niraalpina.com\/wp-content\/uploads\/2021\/03\/StMoritz_Yoga06_byFilipZuan.jpg);\" class=\"crop \/ c-background c-cta__background\" ><\/div><\/noscript>    \n            <a href=\"https:\/\/www.niraalpina.com\/fr\/offers-packages\/\" class=\"c-cta__detached-anchor\"><\/a>\n    \n<\/div>\n\n<\/div><\/div><\/div><\/div><\/div><div id=\"pg-14722-5\"  class=\"panel-grid panel-has-style\" ><div class=\"c-row--valign-default c-row--widget-spacing c-row--margin-default c-row--column-small panel-row-style panel-row-style-for-14722-5\" ><div id=\"pgc-14722-5-0\"  class=\"panel-grid-cell\" ><div id=\"panel-14722-5-0-0\" class=\"so-panel widget widget_cn-core-layout-builder-accordion-widget panel-first-child panel-last-child\" data-index=\"5\" ><div\n\t\t\t\n\t\t\tclass=\"so-widget-cn-core-layout-builder-accordion-widget so-widget-cn-core-layout-builder-accordion-widget-base\"\n\t\t\t\n\t\t><div class=\"c-accordion-wrapper c-accordion--columns no-variation\">\n            <h2 class=\"c-accordion__header\">Activit\u00e9s d'\u00e9t\u00e9<\/h2>\n    \n    <ul\n        class=\"accordion  c-accordion  js-accordion\"\n        role=\"tablist\"\n    >\n                    <li\n                id=\"69f2a9e3d77cb\"\n                class=\"accordion-item  c-accordion__item\"\n            >\n                <a href=\"#acc-69f2a9e3d77cb\"\n                    role=\"tab\"\n                    data-module=\"class-toggle\"\n                    data-module-options='{\"target\": \"#69f2a9e3d77cb\", \"class\":\"is-active\"}'\n                    class=\"accordion-title \/ c-accordion__anchor\"\n                    id=\"acc-69f2a9e3d77cb-heading\"\n                    aria-controls=\"acc-69f2a9e3d77cb\"\n                >\n                    \n                    <span class=\"c-accordion__anchor-heading\">Randonn\u00e9e<\/span>\n\n                                    <\/a>\n\n                <div\n                    id=\"acc-69f2a9e3d77cb\"\n                    class=\"c-accordion__content\"\n                    role=\"tabpanel\"\n                    aria-labelledby=\"acc-69f2a9e3d77cb-heading\"\n                >\n                    <div class=\"s-entry \/ c-accordion__text\">\n                        <div id=\"pl-69f2a9e3d77dd\"  class=\"panel-layout\" ><div id=\"pg-69f2a9e3d77dd-0\"  class=\"panel-grid panel-no-style\" ><div id=\"pgc-69f2a9e3d77dd-0-0\"  class=\"panel-grid-cell\" ><div id=\"panel-69f2a9e3d77dd-0-0-0\" class=\"so-panel widget widget_cn-core-text-widget panel-first-child panel-last-child\" data-index=\"0\" ><div\n\t\t\t\n\t\t\tclass=\"so-widget-cn-core-text-widget so-widget-cn-core-text-widget-base\"\n\t\t\t\n\t\t>\n<div class=\"c-text no-variation\" >\n\n    \n    \n    \n    <div class=\"c-text__content s-entry\">\n        <p class=\"p1\">Le r\u00e9seau de sentiers de l'Engadine s'\u00e9tendrait sur 580 kilom\u00e8tres. Personne ne conna\u00eet l'\u00e9tendue pr\u00e9cise, mais une chose est s\u00fbre: chaque \u00e9tape est une exp\u00e9rience unique de la nature.<br \/>\nImpr\u00e9gnez-vous de la beaut\u00e9 de nos paysages et soyez pr\u00eat \u00e0 des rencontres surprenantes. Les sentiers sont constell\u00e9s de tr\u00e9sors et avec un peu de chance vous pourrez apercevoir des marmottes, des bouquetins ou encore un aigle.<\/p>\n    <\/div>\n\n<\/div>\n<\/div><\/div><\/div><\/div><\/div>                    <\/div>\n                <\/div>\n            <\/li>\n                    <li\n                id=\"69f2a9e3d7c02\"\n                class=\"accordion-item  c-accordion__item\"\n            >\n                <a href=\"#acc-69f2a9e3d7c02\"\n                    role=\"tab\"\n                    data-module=\"class-toggle\"\n                    data-module-options='{\"target\": \"#69f2a9e3d7c02\", \"class\":\"is-active\"}'\n                    class=\"accordion-title \/ c-accordion__anchor\"\n                    id=\"acc-69f2a9e3d7c02-heading\"\n                    aria-controls=\"acc-69f2a9e3d7c02\"\n                >\n                    \n                    <span class=\"c-accordion__anchor-heading\">Cyclisme<\/span>\n\n                                    <\/a>\n\n                <div\n                    id=\"acc-69f2a9e3d7c02\"\n                    class=\"c-accordion__content\"\n                    role=\"tabpanel\"\n                    aria-labelledby=\"acc-69f2a9e3d7c02-heading\"\n                >\n                    <div class=\"s-entry \/ c-accordion__text\">\n                        <div id=\"pl-69f2a9e3d7c0e\"  class=\"panel-layout\" ><div id=\"pg-69f2a9e3d7c0e-0\"  class=\"panel-grid panel-no-style\" ><div id=\"pgc-69f2a9e3d7c0e-0-0\"  class=\"panel-grid-cell\" ><div id=\"panel-69f2a9e3d7c0e-0-0-0\" class=\"so-panel widget widget_cn-core-text-widget panel-first-child panel-last-child\" data-index=\"0\" ><div\n\t\t\t\n\t\t\tclass=\"so-widget-cn-core-text-widget so-widget-cn-core-text-widget-base\"\n\t\t\t\n\t\t>\n<div class=\"c-text no-variation\" >\n\n    \n    \n    \n    <div class=\"c-text__content s-entry\">\n        <p class=\"p1\">Le VTT en Engadine est une activit\u00e9 \u00e0 part enti\u00e8re. Transport \u00e0 v\u00e9lo jusqu'au Piz Nair, \u00e0 3 057 m\u00e8tres d'altitude. De l\u00e0, vous pourrez choisir de suivre des sentiers sinueux vers l'Italie avec un retour en train, ou de profiter de circuits passionnants \u00e0 travers for\u00eats et vall\u00e9es, jusqu'aux lacs de montagne et glaciers... Vous avez l'embarras du choix ?<br \/>\nSuivez le courant, surtout \u00e0 Corviglia. Et pour tous ceux qui auraient besoin d\u2019un \u00ab coup de pouce \u00bb pour faire du v\u00e9lo : en v\u00e9lo \u00e9lectrique, faire du VTT est un jeu d\u2019enfant ! Gr\u00e2ce au moteur puissant, vous pouvez aller beaucoup plus loin dans n'importe quel trajet et explorer des paysages que vous n'atteindriez pas autrement.<\/p>\n    <\/div>\n\n<\/div>\n<\/div><\/div><\/div><\/div><\/div>                    <\/div>\n                <\/div>\n            <\/li>\n                    <li\n                id=\"69f2a9e3d7e2d\"\n                class=\"accordion-item  c-accordion__item\"\n            >\n                <a href=\"#acc-69f2a9e3d7e2d\"\n                    role=\"tab\"\n                    data-module=\"class-toggle\"\n                    data-module-options='{\"target\": \"#69f2a9e3d7e2d\", \"class\":\"is-active\"}'\n                    class=\"accordion-title \/ c-accordion__anchor\"\n                    id=\"acc-69f2a9e3d7e2d-heading\"\n                    aria-controls=\"acc-69f2a9e3d7e2d\"\n                >\n                    \n                    <span class=\"c-accordion__anchor-heading\">Course<\/span>\n\n                                    <\/a>\n\n                <div\n                    id=\"acc-69f2a9e3d7e2d\"\n                    class=\"c-accordion__content\"\n                    role=\"tabpanel\"\n                    aria-labelledby=\"acc-69f2a9e3d7e2d-heading\"\n                >\n                    <div class=\"s-entry \/ c-accordion__text\">\n                        <div id=\"pl-69f2a9e3d7e37\"  class=\"panel-layout\" ><div id=\"pg-69f2a9e3d7e37-0\"  class=\"panel-grid panel-no-style\" ><div id=\"pgc-69f2a9e3d7e37-0-0\"  class=\"panel-grid-cell\" ><div id=\"panel-69f2a9e3d7e37-0-0-0\" class=\"so-panel widget widget_cn-core-text-widget panel-first-child panel-last-child\" data-index=\"0\" ><div\n\t\t\t\n\t\t\tclass=\"so-widget-cn-core-text-widget so-widget-cn-core-text-widget-base\"\n\t\t\t\n\t\t>\n<div class=\"c-text no-variation\" >\n\n    \n    \n    \n    <div class=\"c-text__content s-entry\">\n        <p class=\"p1\">Quand, au printemps, la fonte des neiges r\u00e9v\u00e8le le r\u00e9seau infini de sentiers qui parcourent notre r\u00e9gion, les coureurs peuvent revenir dans leur \u00e9l\u00e9ment. Les athl\u00e8tes utilisent l'Engadine pour s'entra\u00eener en altitude, les joggeurs de loisir profitent du bien-\u00eatre dans les magnifiques paysages naturels et les coureurs de trail \u00e9pris de libert\u00e9 fuient l'asphalte \u00e0 la recherche des sommets naturels. Bienvenue en Engadine, le paradis des coureurs !<\/p>\n    <\/div>\n\n<\/div>\n<\/div><\/div><\/div><\/div><\/div>                    <\/div>\n                <\/div>\n            <\/li>\n                    <li\n                id=\"69f2a9e3d8058\"\n                class=\"accordion-item  c-accordion__item\"\n            >\n                <a href=\"#acc-69f2a9e3d8058\"\n                    role=\"tab\"\n                    data-module=\"class-toggle\"\n                    data-module-options='{\"target\": \"#69f2a9e3d8058\", \"class\":\"is-active\"}'\n                    class=\"accordion-title \/ c-accordion__anchor\"\n                    id=\"acc-69f2a9e3d8058-heading\"\n                    aria-controls=\"acc-69f2a9e3d8058\"\n                >\n                    \n                    <span class=\"c-accordion__anchor-heading\">Kite Surf<\/span>\n\n                                    <\/a>\n\n                <div\n                    id=\"acc-69f2a9e3d8058\"\n                    class=\"c-accordion__content\"\n                    role=\"tabpanel\"\n                    aria-labelledby=\"acc-69f2a9e3d8058-heading\"\n                >\n                    <div class=\"s-entry \/ c-accordion__text\">\n                        <div id=\"pl-69f2a9e3d8062\"  class=\"panel-layout\" ><div id=\"pg-69f2a9e3d8062-0\"  class=\"panel-grid panel-no-style\" ><div id=\"pgc-69f2a9e3d8062-0-0\"  class=\"panel-grid-cell\" ><div id=\"panel-69f2a9e3d8062-0-0-0\" class=\"so-panel widget widget_cn-core-text-widget panel-first-child panel-last-child\" data-index=\"0\" ><div\n\t\t\t\n\t\t\tclass=\"so-widget-cn-core-text-widget so-widget-cn-core-text-widget-base\"\n\t\t\t\n\t\t>\n<div class=\"c-text no-variation\" >\n\n    \n    \n    \n    <div class=\"c-text__content s-entry\">\n        <p>Le matin, admirez le lac Silvaplana, calme et serein, dans son cadre pittoresque.<br \/>\nD\u00e8s midi, le vent de Maloja souffle, offrant des conditions id\u00e9ales qui attirent m\u00eame les surfeurs les plus experts et les plus avanc\u00e9s \u00e0 mettre les voiles \u00e0 Silvaplana.<br \/>\nLes familles et les d\u00e9butants trouvent g\u00e9n\u00e9ralement des conditions plus adapt\u00e9es au lac de Sils, tout proche.<\/p>\n<p class=\"p2\"><span class=\"s1\"><a href=\"https:\/\/silvaplana.ch\/en\/summer\/experience\/windsurfing\" target=\"_blank\" rel=\"noopener\">Windsurfing Silvaplana<\/a> propose des cours collectifs de 3 heures r\u00e9partis sur deux jours cons\u00e9cutifs . Notre \u00e9quipe se fera un plaisir de prendre contact en votre nom.<\/span><\/p>\n    <\/div>\n\n<\/div>\n<\/div><\/div><\/div><\/div><\/div>                    <\/div>\n                <\/div>\n            <\/li>\n                    <li\n                id=\"69f2a9e3d8253\"\n                class=\"accordion-item  c-accordion__item\"\n            >\n                <a href=\"#acc-69f2a9e3d8253\"\n                    role=\"tab\"\n                    data-module=\"class-toggle\"\n                    data-module-options='{\"target\": \"#69f2a9e3d8253\", \"class\":\"is-active\"}'\n                    class=\"accordion-title \/ c-accordion__anchor\"\n                    id=\"acc-69f2a9e3d8253-heading\"\n                    aria-controls=\"acc-69f2a9e3d8253\"\n                >\n                    \n                    <span class=\"c-accordion__anchor-heading\">Stand up paddle<\/span>\n\n                                    <\/a>\n\n                <div\n                    id=\"acc-69f2a9e3d8253\"\n                    class=\"c-accordion__content\"\n                    role=\"tabpanel\"\n                    aria-labelledby=\"acc-69f2a9e3d8253-heading\"\n                >\n                    <div class=\"s-entry \/ c-accordion__text\">\n                        <div id=\"pl-69f2a9e3d825c\"  class=\"panel-layout\" ><div id=\"pg-69f2a9e3d825c-0\"  class=\"panel-grid panel-no-style\" ><div id=\"pgc-69f2a9e3d825c-0-0\"  class=\"panel-grid-cell\" ><div id=\"panel-69f2a9e3d825c-0-0-0\" class=\"so-panel widget widget_cn-core-text-widget panel-first-child panel-last-child\" data-index=\"0\" ><div\n\t\t\t\n\t\t\tclass=\"so-widget-cn-core-text-widget so-widget-cn-core-text-widget-base\"\n\t\t\t\n\t\t>\n<div class=\"c-text no-variation\" >\n\n    \n    \n    \n    <div class=\"c-text__content s-entry\">\n        <p>Le stand up paddle a gagn\u00e9 en popularit\u00e9 ces derni\u00e8res ann\u00e9es. Con\u00e7u \u00e0 l'origine avec l'id\u00e9e de surfer sur les vagues tranquilles de la mer, ce sport a encore \u00e9volu\u00e9. D\u00e9sormais, le stand-up paddle est \u00e9galement possible sur les lacs, dans le cadre d'une visite agr\u00e9able.<br \/>\nEt le matin, les lacs de montagne de l'Engadine offrent une exp\u00e9rience particuli\u00e8rement idyllique...<\/p>\n<p>Les centres sportifs locaux proposent des locations \u00e0 la journ\u00e9e \u00e0 partir de CHF 55 par personne.<br \/>\nAlternativement, vous pouvez participer \u00e0 un mini tour avec une introduction et un tour du lac. Sur demande, nous nous ferons un plaisir de l'organiser pour vous.<\/p>\n    <\/div>\n\n<\/div>\n<\/div><\/div><\/div><\/div><\/div>                    <\/div>\n                <\/div>\n            <\/li>\n                    <li\n                id=\"69f2a9e3d8440\"\n                class=\"accordion-item  c-accordion__item\"\n            >\n                <a href=\"#acc-69f2a9e3d8440\"\n                    role=\"tab\"\n                    data-module=\"class-toggle\"\n                    data-module-options='{\"target\": \"#69f2a9e3d8440\", \"class\":\"is-active\"}'\n                    class=\"accordion-title \/ c-accordion__anchor\"\n                    id=\"acc-69f2a9e3d8440-heading\"\n                    aria-controls=\"acc-69f2a9e3d8440\"\n                >\n                    \n                    <span class=\"c-accordion__anchor-heading\">Cal\u00e8che<\/span>\n\n                                    <\/a>\n\n                <div\n                    id=\"acc-69f2a9e3d8440\"\n                    class=\"c-accordion__content\"\n                    role=\"tabpanel\"\n                    aria-labelledby=\"acc-69f2a9e3d8440-heading\"\n                >\n                    <div class=\"s-entry \/ c-accordion__text\">\n                        <div id=\"pl-69f2a9e3d8449\"  class=\"panel-layout\" ><div id=\"pg-69f2a9e3d8449-0\"  class=\"panel-grid panel-no-style\" ><div id=\"pgc-69f2a9e3d8449-0-0\"  class=\"panel-grid-cell\" ><div id=\"panel-69f2a9e3d8449-0-0-0\" class=\"so-panel widget widget_cn-core-text-widget panel-first-child panel-last-child\" data-index=\"0\" ><div\n\t\t\t\n\t\t\tclass=\"so-widget-cn-core-text-widget so-widget-cn-core-text-widget-base\"\n\t\t\t\n\t\t>\n<div class=\"c-text no-variation\" >\n\n    \n    \n    \n    <div class=\"c-text__content s-entry\">\n        <p>Profitez d'une balade en cal\u00e8che \u00e0 travers une nature pr\u00e9serv\u00e9e et la splendide flore alpine. Voyagez depuis Fextal \u00e0 travers l'ombre de la majestueuse for\u00eat suisse de pins parasol et de m\u00e9l\u00e8zes, jusqu'au magnifique monde glaciaire du Piz Fedoz et du Piz Gl\u00fcschaint.<br \/>\nUn arr\u00eat en route \u00e0 Fex-Cresta permet de contempler une belle \u00e9glise de montagne, construite en 1500, avec ses belles fresques r\u00e9alis\u00e9es par un artiste italien inconnu en 1511.<\/p>\n<p>\u00c0 partir de CHF 80 pour 1 \u00e0 4 personnes aller simple et CHF 120 aller-retour.<\/p>\n    <\/div>\n\n<\/div>\n<\/div><\/div><\/div><\/div><\/div>                    <\/div>\n                <\/div>\n            <\/li>\n            <\/ul>\n<\/div>\n<\/div><\/div><\/div><\/div><\/div><div id=\"pg-14722-6\"  class=\"panel-grid panel-has-style\" ><div class=\"c-row--valign-middle c-row--widget-none c-row--margin-default c-row--column-default panel-row-style panel-row-style-for-14722-6\" ><div id=\"pgc-14722-6-0\"  class=\"panel-grid-cell\" ><div id=\"panel-14722-6-0-0\" class=\"so-panel widget widget_cn-core-cta-widget panel-first-child panel-last-child\" data-index=\"6\" ><div\n\t\t\t\n\t\t\tclass=\"so-widget-cn-core-cta-widget so-widget-cn-core-cta-widget-base\"\n\t\t\t\n\t\t><div class=\"c-cta c-cta--layout-breaker c-cta--breaker-image\">\n\n    <div class=\"c-cta__content\">\n\n        <div class=\"c-cta__inner\">\n\n                            <a href=\"https:\/\/www.niraalpina.com\/fr\/summer-home\/\" class=\"c-cta__anchor\">\n            \n            \n            \n            \n            \n                            <\/a>\n            \n            \n            \n                            <div class=\"c-cta__buttons\">\n                    <a class=\"c-button button \/ c-cta__button  no-variation\" href=\"https:\/\/www.niraalpina.com\/fr\/summer-home\/\">\n    D\u00e9couvrez plus d'activit\u00e9s estivales<\/a>\n\n\n                <\/div>\n            \n                    <\/div>\n\n    <\/div>\n\n    \n    \n            <a href=\"https:\/\/www.niraalpina.com\/fr\/summer-home\/\" class=\"c-cta__detached-anchor\"><\/a>\n    \n<\/div>\n\n<\/div><\/div><\/div><\/div><\/div><div id=\"pg-14722-7\"  class=\"panel-grid panel-has-style\" ><div class=\"c-row--valign-default c-row--widget-spacing c-row--margin-default c-row--column-small panel-row-style panel-row-style-for-14722-7\" ><div id=\"pgc-14722-7-0\"  class=\"panel-grid-cell\" ><div id=\"panel-14722-7-0-0\" class=\"so-panel widget widget_cn-core-content-posts-widget panel-first-child panel-last-child\" data-index=\"7\" ><div\n\t\t\t\n\t\t\tclass=\"so-widget-cn-core-content-posts-widget so-widget-cn-core-content-posts-widget-base\"\n\t\t\t\n\t\t>    <div class=\"c-content-posts c-content-posts--type-offer \">\n                    <div class=\"c-content-posts__headings\">\n                \n                                    <h2 class=\"c-content-posts__heading\" data-post-count=\"8\">\n                        Summer offers                    <\/h2>\n                \n                            <\/div>\n        \n        \n        \n        <div\n            class=\"c-content-posts__list\"\n\n                    >\n                            <div class=\"c-content-posts__post\">\n                    <div class=\"c-cta c-cta--content-post c-cta--post-type-offer has-background\">\n\n    <div class=\"c-cta__content\">\n\n        <div class=\"c-cta__inner\">\n\n                            <a href=\"https:\/\/www.niraalpina.com\/fr\/offer\/summer-free-night-special\/\" class=\"c-cta__anchor\">\n            \n            \n            \n            \n                <div class=\"c-cta__headings\">\n\n                                    <p class=\"c-cta__preheading\">\n                        Special offer                    <\/p>\n                \n                                    <h2 class=\"c-cta__heading\">\n                        Offre sp\u00e9ciale : nuit\u00e9e offerte en \u00e9t\u00e9                    <\/h2>\n                \n                \n                <\/div>\n\n            \n            \n                            <\/a>\n            \n            \n            \n                            <div class=\"c-cta__buttons\">\n                    <a class=\"c-button button \/ c-cta__button no-variation \" href=\"https:\/\/www.niraalpina.com\/fr\/offer\/summer-free-night-special\/\">\n    Read more<\/a>\n\n\n                <\/div>\n            \n                    <\/div>\n\n    <\/div>\n\n    \n            <div data-src=\"https:\/\/hotelcms-production.imgix.net\/niraalpina.com\/wp-content\/uploads\/2020\/09\/Corvatsch-Zimmer-Sommer-2.jpg\" data-crop=\"\" class=\"imgix-fluid  crop \/ c-background c-cta__background\"><\/div><noscript><div style=\"background-image: url(https:\/\/hotelcms-production.imgix.net\/niraalpina.com\/wp-content\/uploads\/2020\/09\/Corvatsch-Zimmer-Sommer-2.jpg);\" class=\"crop \/ c-background c-cta__background\" ><\/div><\/noscript>    \n            <a href=\"https:\/\/www.niraalpina.com\/fr\/offer\/summer-free-night-special\/\" class=\"c-cta__detached-anchor\"><\/a>\n    \n<\/div>\n\n                <\/div>\n                            <div class=\"c-content-posts__post\">\n                    <div class=\"c-cta c-cta--content-post c-cta--post-type-offer has-background\">\n\n    <div class=\"c-cta__content\">\n\n        <div class=\"c-cta__inner\">\n\n                            <a href=\"https:\/\/www.niraalpina.com\/fr\/offer\/engadin-wanderwochen\/\" class=\"c-cta__anchor\">\n            \n            \n            \n            \n                <div class=\"c-cta__headings\">\n\n                                    <p class=\"c-cta__preheading\">\n                        Offre sp\u00e9ciale                    <\/p>\n                \n                                    <h2 class=\"c-cta__heading\">\n                        Semaines de randonn\u00e9es en Engadine                    <\/h2>\n                \n                \n                <\/div>\n\n            \n            \n                            <\/a>\n            \n            \n            \n                            <div class=\"c-cta__buttons\">\n                    <a class=\"c-button button \/ c-cta__button no-variation \" href=\"https:\/\/www.niraalpina.com\/fr\/offer\/engadin-wanderwochen\/\">\n    Read more<\/a>\n\n\n                <\/div>\n            \n                    <\/div>\n\n    <\/div>\n\n    \n            <div data-src=\"https:\/\/hotelcms-production.imgix.net\/niraalpina.com\/wp-content\/uploads\/2020\/06\/gde-silva_wanderwoche_keyviusal_quadratisch.jpg\" data-crop=\"\" class=\"imgix-fluid  crop \/ c-background c-cta__background\"><\/div><noscript><div style=\"background-image: url(https:\/\/hotelcms-production.imgix.net\/niraalpina.com\/wp-content\/uploads\/2020\/06\/gde-silva_wanderwoche_keyviusal_quadratisch.jpg);\" class=\"crop \/ c-background c-cta__background\" ><\/div><\/noscript>    \n            <a href=\"https:\/\/www.niraalpina.com\/fr\/offer\/engadin-wanderwochen\/\" class=\"c-cta__detached-anchor\"><\/a>\n    \n<\/div>\n\n                <\/div>\n                            <div class=\"c-content-posts__post\">\n                    <div class=\"c-cta c-cta--content-post c-cta--post-type-offer has-background\">\n\n    <div class=\"c-cta__content\">\n\n        <div class=\"c-cta__inner\">\n\n                            <a href=\"https:\/\/www.niraalpina.com\/fr\/offer\/summer-package-a-la-carte\/\" class=\"c-cta__anchor\">\n            \n            \n            \n            \n                <div class=\"c-cta__headings\">\n\n                                    <p class=\"c-cta__preheading\">\n                        Special offer                    <\/p>\n                \n                                    <h2 class=\"c-cta__heading\">\n                        Forfait \u00c9t\u00e9 \u00e0 la Carte                    <\/h2>\n                \n                \n                <\/div>\n\n            \n            \n                            <\/a>\n            \n            \n            \n                            <div class=\"c-cta__buttons\">\n                    <a class=\"c-button button \/ c-cta__button no-variation \" href=\"https:\/\/www.niraalpina.com\/fr\/offer\/summer-package-a-la-carte\/\">\n    Read more<\/a>\n\n\n                <\/div>\n            \n                    <\/div>\n\n    <\/div>\n\n    \n            <div data-src=\"https:\/\/hotelcms-production.imgix.net\/niraalpina.com\/wp-content\/uploads\/2018\/01\/activities_scenic_hiking_01.jpg\" data-crop=\"\" class=\"imgix-fluid  crop \/ c-background c-cta__background\"><\/div><noscript><div style=\"background-image: url(https:\/\/hotelcms-production.imgix.net\/niraalpina.com\/wp-content\/uploads\/2018\/01\/activities_scenic_hiking_01.jpg);\" class=\"crop \/ c-background c-cta__background\" ><\/div><\/noscript>    \n            <a href=\"https:\/\/www.niraalpina.com\/fr\/offer\/summer-package-a-la-carte\/\" class=\"c-cta__detached-anchor\"><\/a>\n    \n<\/div>\n\n                <\/div>\n            \n                    <\/div>\n\n                <div class=\"c-content-posts__buttons\">\n\n            \n            <a class=\"c-button  c-content-posts__button no-variation\" href=\"https:\/\/www.niraalpina.com\/offers-packages\/\">\n    VIEW ALL SUMMER OFFERS<\/a>\n\n\n\n        <\/div>\n        \n            <\/div>\n<\/div><\/div><\/div><\/div><\/div><div id=\"pg-14722-8\"  class=\"panel-grid panel-has-style\" ><div class=\"c-row--valign-default c-row--widget-none c-row--margin-none c-row--column-none siteorigin-panels-stretch has-background c-row--background-cover imgix-fluid crop panel-row-style panel-row-style-for-14722-8\" data-stretch-type=\"full-width-stretch\" data-src=\"https:\/\/hotelcms-production.imgix.net\/niraalpina.com\/wp-content\/uploads\/2017\/11\/texture.png\" data-crop=\"\" ><div id=\"pgc-14722-8-0\"  class=\"panel-grid-cell\" ><div id=\"panel-14722-8-0-0\" class=\"so-panel widget widget_cn-core-cta-widget panel-first-child panel-last-child\" data-index=\"8\" ><div\n\t\t\t\n\t\t\tclass=\"so-widget-cn-core-cta-widget so-widget-cn-core-cta-widget-base\"\n\t\t\t\n\t\t><div class=\"c-cta c-cta--layout-breaker c-cta--breaker-image\">\n\n    <div class=\"c-cta__content\">\n\n        <div class=\"c-cta__inner\">\n\n                            <a href=\"https:\/\/www.niraalpina.com\/fr\/winter-home\/\" class=\"c-cta__anchor\">\n            \n            \n                          <div class=\"crop\">\n                <div data-src=\"https:\/\/hotelcms-production.imgix.net\/niraalpina.com\/wp-content\/uploads\/2021\/05\/esm0166.jpg\" data-crop=\"\" class=\"imgix-fluid  c-image c-cta__image\" data-caption=\"ENGADIN ST. MORITZ - Freerider im Skigebiet Corvatsch\/Furtschellas unterhalb des Piz Grialetsch bei der Abenddaemmerung. Im Hintergrund die Ortschaft Maloja und der gefrorene Silsersee.\n\nFreerider in the Corvatsch\/Furtschellas ski area below the Piz Grialetsch at dusk. In the background, the village of Maloja and the frozen Lake Sils.   \n\nFreerider nel comprensorio Corvatsch\/Furtschellas, sotto il Piz Grialetsch, al crepuscolo. Sullo sfondo, Maloja e il Lago di Sils ghiacciato\n\nCopyright by: ENGADIN St. Moritz By-line: swiss-image.ch\/Immanuel Meier\"><\/div><noscript><div style=\"background-image: url(https:\/\/hotelcms-production.imgix.net\/niraalpina.com\/wp-content\/uploads\/2021\/05\/esm0166.jpg);\" class=\"c-image c-cta__image\" ><\/div><\/noscript>              <\/div>\n            \n            \n                <div class=\"c-cta__headings\">\n\n                \n                                    <h2 class=\"c-cta__heading\">\n                        Jetez un \u0153il \u00e0 notre hiver                    <\/h2>\n                \n                \n                <\/div>\n\n            \n            \n                            <\/a>\n            \n                            <div class=\"c-cta__text \/ s-entry\">\n                    <p>Nira Alpina est situ\u00e9e sur la colline surplombant le village et le lac de Silvaplana-Surlej, au c\u0153ur des magnifiques Alpes suisses. Nous sommes donc bien plac\u00e9s pour profiter des saisons hivernales qui apportent de la neige \u00e9paisse, de la glace, des temp\u00e9ratures froides et des d\u00e9couvertes culinaires uniques. Les vues de notre h\u00f4tel en hiver sont tout simplement spectaculaires.<\/p>\n                <\/div>\n            \n            \n                            <div class=\"c-cta__buttons\">\n                    <a class=\"c-button button \/ c-cta__button  no-variation\" href=\"https:\/\/www.niraalpina.com\/fr\/winter-home\/\">\n    D\u00e9couvrez l'hiver<\/a>\n\n\n                <\/div>\n            \n                    <\/div>\n\n    <\/div>\n\n    \n    \n            <a href=\"https:\/\/www.niraalpina.com\/fr\/winter-home\/\" class=\"c-cta__detached-anchor\"><\/a>\n    \n<\/div>\n\n<\/div><\/div><\/div><\/div><\/div><\/div>","protected":false},"excerpt":{"rendered":"<p>Forfait \u00c9t\u00e9 \u00e0 la Carte R\u00c9SERVER CE FORFAIT R\u00e9servez une chambre et choisissez parmi notre menu &#8220;Forfait \u00e0 la Carte&#8221; ! Fatigu\u00e9 d&#8217;acheter des forfaits o\u00f9 seulement une ou deux activit\u00e9s vous int\u00e9ressent vraiment? Nous avons une solution simple. R\u00e9servez une chambre dans votre cat\u00e9gorie pr\u00e9f\u00e9r\u00e9e et choisissez ce que vous voulez faire dans notre &hellip;<\/p>\n","protected":false},"author":82,"featured_media":0,"parent":0,"menu_order":1,"comment_status":"closed","ping_status":"closed","template":"","meta":{"_acf_changed":false,"footnotes":""},"class_list":["post--14722","post--page","post--type-page","post--status-publish","post--hentry"],"acf":[],"_links":{"self":[{"href":"https:\/\/www.niraalpina.com\/fr\/wp-json\/wp\/v2\/pages\/14722","targetHints":{"allow":["GET"]}}],"collection":[{"href":"https:\/\/www.niraalpina.com\/fr\/wp-json\/wp\/v2\/pages"}],"about":[{"href":"https:\/\/www.niraalpina.com\/fr\/wp-json\/wp\/v2\/types\/page"}],"author":[{"embeddable":true,"href":"https:\/\/www.niraalpina.com\/fr\/wp-json\/wp\/v2\/users\/82"}],"replies":[{"embeddable":true,"href":"https:\/\/www.niraalpina.com\/fr\/wp-json\/wp\/v2\/comments?post=14722"}],"version-history":[{"count":4,"href":"https:\/\/www.niraalpina.com\/fr\/wp-json\/wp\/v2\/pages\/14722\/revisions"}],"predecessor-version":[{"id":17464,"href":"https:\/\/www.niraalpina.com\/fr\/wp-json\/wp\/v2\/pages\/14722\/revisions\/17464"}],"wp:attachment":[{"href":"https:\/\/www.niraalpina.com\/fr\/wp-json\/wp\/v2\/media?parent=14722"}],"curies":[{"name":"wp","href":"https:\/\/api.w.org\/{rel}","templated":true}]}}